{"id":19,"date":"2018-02-27T21:38:26","date_gmt":"2018-02-27T21:38:26","guid":{"rendered":"http:\/\/akademiajasiaimalgosi.olsztyn.pl\/?page_id=19"},"modified":"2026-04-02T22:56:19","modified_gmt":"2026-04-02T20:56:19","slug":"strona-glowna","status":"publish","type":"page","link":"https:\/\/stowarzyszenie-dzieckoirodzina.pl\/przedszkole\/","title":{"rendered":"O NAS"},"content":{"rendered":"\n<p><strong><em><mark style=\"background-color:rgba(0, 0, 0, 0);color:#008856\" class=\"has-inline-color\">Z okazji nadchodz\u0105cych \u015awi\u0105t Wielkanocnych, sk\u0142adamy Pa\u0144stwu najserdeczniejsze \u017cyczenia: du\u017co spokoju, wiary w lepsze jutro oraz rado\u015bci, kt\u00f3r\u0105 nios\u0105 ze sob\u0105 wiosenne dni. Niech ten czas sp\u0119dzony w gronie najbli\u017cszych b\u0119dzie pe\u0142en ciep\u0142a i wzajemnej \u017cyczliwo\u015bci.<\/mark><\/em><\/strong><\/p>\n\n\n\n<figure class=\"wp-block-gallery has-nested-images columns-default is-cropped wp-block-gallery-1 is-layout-flex wp-block-gallery-is-layout-flex\">\n<figure class=\"wp-block-image size-large\"><img fetchpriority=\"high\" decoding=\"async\" width=\"706\" height=\"529\" data-id=\"6554\" src=\"https:\/\/stowarzyszenie-dzieckoirodzina.pl\/przedszkole\/wp-content\/uploads\/sites\/3\/2026\/04\/Plik_004.jpeg\" alt=\"\" class=\"wp-image-6554\"\/><\/figure>\n\n\n\n<figure class=\"wp-block-image size-large\"><img decoding=\"async\" width=\"678\" height=\"784\" data-id=\"6553\" src=\"https:\/\/stowarzyszenie-dzieckoirodzina.pl\/przedszkole\/wp-content\/uploads\/sites\/3\/2026\/04\/IMG_3076.jpg\" alt=\"\" class=\"wp-image-6553\"\/><\/figure>\n<\/figure>\n\n\n\n<figure class=\"wp-block-image size-large\"><img decoding=\"async\" width=\"750\" height=\"1024\" src=\"http:\/\/stowarzyszenie-dzieckoirodzina.pl\/przedszkole\/wp-content\/uploads\/sites\/3\/2026\/02\/IMG_0764-750x1024.jpeg\" alt=\"\" class=\"wp-image-6460\"\/><figcaption class=\"wp-element-caption\">Screenshot<\/figcaption><\/figure>\n\n\n<figure>\n\t\t\t\t\t\t\t\t\t\t<img loading=\"lazy\" decoding=\"async\" width=\"678\" height=\"945\" src=\"http:\/\/stowarzyszenie-dzieckoirodzina.pl\/przedszkole\/wp-content\/uploads\/sites\/3\/2025\/12\/IMG_2560.jpg\" alt=\"\" \/><figcaption><\/figcaption><\/figure>\n<h3>\u00a0Witamy w Akademii Jasia i Ma\u0142gosi<\/h3>\n<p>Przedszkole Niepubliczne &#8222;<a href=\"https:\/\/stowarzyszenie-dzieckoirodzina.pl\/przedszkole\/\">Akademia Jasia i Ma\u0142gosi<\/a>&#8221; (funkcjonuj\u0105ce wcze\u015bniej jako Punkt Przedszkolny) istnieje od 2009 roku. Mie\u015bci si\u0119 w Olsztynie przy ulicy <a href=\"https:\/\/stowarzyszenie-dzieckoirodzina.pl\/przedszkole\/kontakt\">Mazurskiej 13 B<\/a> i czynne jest w godzinach 7:00 &#8211; 16:00.<br \/>\nPrzedszkole posiada wpis do ewidencji \u00a0szk\u00f3\u0142 i plac\u00f3wek niepublicznych Urz\u0119du Miasta Olsztyna pod Nr 178\/PG\/2011 z dnia 11 sierpnia 2011 roku na podstawie art. 82 ustawy z dnia 7 wrze\u015bnia 1991 roku o systemie o\u015bwiaty.<br \/>\nPrzyjmujemy dzieci w wieku od 3 do 5 lat. W przedszkolu funkcjonuje jedna grupa, licz\u0105ca maksymalnie 19 dzieci. W\u0142a\u015bnie tak nieliczna grupa pozwala nam na indywidualizacj\u0119 pracy i dobry kontakt z ka\u017cdym dzieckiem. Grupa zr\u00f3\u017cnicowana wiekowo jest jak \u201erodze\u0144stwo\u201d, co stwarza naturalne warunki rozwoju umys\u0142owego i spo\u0142ecznego dzieci. Stwarzamy doskona\u0142e sytuacje do nauki zachowa\u0144 i dzi\u0119ki w\u0142a\u015bnie takim warunkom dzieci staj\u0105 si\u0119 otwarte na potrzeby innych i lepiej si\u0119 rozwijaj\u0105 tworz\u0105c prawid\u0142owe i wskazane uczucia wi\u0119zi emocjonalnej w grupie.<br \/>\nProgram dydaktyczno-wychowawczy naszego Przedszkola zak\u0142ada odpowiednie \u00a0przygotowanie dzieci do edukacji szkolnej, uwzgl\u0119dnia harmonijny i pe\u0142ny rozw\u00f3j ma\u0142ego dziecka: intelektualny, fizyczny, spo\u0142eczny i tw\u00f3rczy. Zaj\u0119cia prowadzone s\u0105 w oparciu o nowoczesne metody nauczania, kt\u00f3re rozwijaj\u0105 w dziecku zdolno\u015b\u0107 odczuwania, wys\u0142awiania si\u0119, \u0107wiczenia refleksji i wyobra\u017ani a jednocze\u015bnie pozwalaj\u0105 na nabywanie nowych do\u015bwiadcze\u0144, wzbogacanie wiadomo\u015bci i poznawanie otaczaj\u0105cego \u015bwiata.<br \/>\nRealizujemy nauczanie w zakresie Podstawy Programowej Wychowania Przedszkolnego MEN. Oferujemy r\u00f3\u017cnorodne metody dydaktyczne, sta\u0142\u0105 opiek\u0119 psychologiczn\u0105, zaj\u0119cia dodatkowe i edukacj\u0119 poprzez zabaw\u0119. Zapobiegaj\u0105c od samego pocz\u0105tku wadom wymowy naszych podopiecznych, posiadamy sta\u0142\u0105 opiek\u0119 logopedyczn\u0105.<br \/>\n Pomieszczenia Przedszkola wyposa\u017cane s\u0105 w nowoczesny sprz\u0119t, zabawki oraz pomoce naukowe konieczne do realizacji programu wychowania przedszkolnego. Sale spe\u0142niaj\u0105 wszystkie wymogi sanitarno-epidemiologiczne oraz przeciwpo\u017carowe i zapewniaj\u0105 bezpiecze\u0144stwo wszystkim dzieciom przebywaj\u0105cym na terenie obiektu.<\/p>\n\n\n<p><\/p>\n","protected":false},"excerpt":{"rendered":"<p>Z okazji nadchodz\u0105cych \u015awi\u0105t Wielkanocnych, sk\u0142adamy Pa\u0144stwu najserdeczniejsze \u017cyczenia: du\u017co spokoju, wiary w lepsze jutro oraz rado\u015bci, kt\u00f3r\u0105 nios\u0105 ze sob\u0105 wiosenne dni. Niech ten czas sp\u0119dzony w gronie najbli\u017cszych b\u0119dzie pe\u0142en ciep\u0142a i wzajemnej \u017cyczliwo\u015bci. \u00a0Witamy w Akademii Jasia i Ma\u0142gosi Przedszkole Niepubliczne &#8222;Akademia Jasia i Ma\u0142gosi&#8221; (funkcjonuj\u0105ce wcze\u015bniej jako Punkt Przedszkolny) istnieje od [&hellip;]<\/p>\n","protected":false},"author":1,"featured_media":0,"parent":0,"menu_order":0,"comment_status":"closed","ping_status":"closed","template":"","meta":{"footnotes":""},"class_list":["post-19","page","type-page","status-publish","hentry"],"yoast_head":"<!-- This site is optimized with the Yoast SEO plugin v26.4 - https:\/\/yoast.com\/wordpress\/plugins\/seo\/ -->\n<title>O nas &quot;Akademia Jasia i Ma\u0142gosi&quot;<\/title>\n<meta name=\"description\" content=\"Poznaj misj\u0119 i zesp\u00f3\u0142 Przedszkola &quot;Akademia Jasia i Ma\u0142gosi&quot; - Stawiamy na rozw\u00f3j, bezpiecze\u0144stwo i rado\u015b\u0107 dzieci\" \/>\n<meta name=\"robots\" content=\"index, follow, max-snippet:-1, max-image-preview:large, max-video-preview:-1\" \/>\n<link rel=\"canonical\" href=\"https:\/\/stowarzyszenie-dzieckoirodzina.pl\/przedszkole\/\" \/>\n<meta property=\"og:locale\" content=\"pl_PL\" \/>\n<meta property=\"og:type\" content=\"article\" \/>\n<meta property=\"og:title\" content=\"O nas &quot;Akademia Jasia i Ma\u0142gosi&quot;\" \/>\n<meta property=\"og:description\" content=\"Poznaj misj\u0119 i zesp\u00f3\u0142 Przedszkola &quot;Akademia Jasia i Ma\u0142gosi&quot; - Stawiamy na rozw\u00f3j, bezpiecze\u0144stwo i rado\u015b\u0107 dzieci\" \/>\n<meta property=\"og:url\" content=\"https:\/\/stowarzyszenie-dzieckoirodzina.pl\/przedszkole\/\" \/>\n<meta property=\"og:site_name\" content=\"Akademia Jasia i Ma\u0142gosi\" \/>\n<meta property=\"article:modified_time\" content=\"2026-04-02T20:56:19+00:00\" \/>\n<meta property=\"og:image\" content=\"https:\/\/stowarzyszenie-dzieckoirodzina.pl\/przedszkole\/wp-content\/uploads\/sites\/3\/2026\/04\/Plik_004.jpeg\" \/>\n\t<meta property=\"og:image:width\" content=\"706\" \/>\n\t<meta property=\"og:image:height\" content=\"529\" \/>\n\t<meta property=\"og:image:type\" content=\"image\/jpeg\" \/>\n<meta name=\"twitter:card\" content=\"summary_large_image\" \/>\n<meta name=\"twitter:label1\" content=\"Szacowany czas czytania\" \/>\n\t<meta name=\"twitter:data1\" content=\"3 minuty\" \/>\n<script type=\"application\/ld+json\" class=\"yoast-schema-graph\">{\"@context\":\"https:\/\/schema.org\",\"@graph\":[{\"@type\":\"WebPage\",\"@id\":\"https:\/\/stowarzyszenie-dzieckoirodzina.pl\/przedszkole\/\",\"url\":\"https:\/\/stowarzyszenie-dzieckoirodzina.pl\/przedszkole\/\",\"name\":\"O nas \\\"Akademia Jasia i Ma\u0142gosi\\\"\",\"isPartOf\":{\"@id\":\"https:\/\/stowarzyszenie-dzieckoirodzina.pl\/przedszkole\/#website\"},\"primaryImageOfPage\":{\"@id\":\"https:\/\/stowarzyszenie-dzieckoirodzina.pl\/przedszkole\/#primaryimage\"},\"image\":{\"@id\":\"https:\/\/stowarzyszenie-dzieckoirodzina.pl\/przedszkole\/#primaryimage\"},\"thumbnailUrl\":\"https:\/\/stowarzyszenie-dzieckoirodzina.pl\/przedszkole\/wp-content\/uploads\/sites\/3\/2026\/04\/Plik_004.jpeg\",\"datePublished\":\"2018-02-27T21:38:26+00:00\",\"dateModified\":\"2026-04-02T20:56:19+00:00\",\"description\":\"Poznaj misj\u0119 i zesp\u00f3\u0142 Przedszkola \\\"Akademia Jasia i Ma\u0142gosi\\\" - Stawiamy na rozw\u00f3j, bezpiecze\u0144stwo i rado\u015b\u0107 dzieci\",\"breadcrumb\":{\"@id\":\"https:\/\/stowarzyszenie-dzieckoirodzina.pl\/przedszkole\/#breadcrumb\"},\"inLanguage\":\"pl-PL\",\"potentialAction\":[{\"@type\":\"ReadAction\",\"target\":[\"https:\/\/stowarzyszenie-dzieckoirodzina.pl\/przedszkole\/\"]}]},{\"@type\":\"ImageObject\",\"inLanguage\":\"pl-PL\",\"@id\":\"https:\/\/stowarzyszenie-dzieckoirodzina.pl\/przedszkole\/#primaryimage\",\"url\":\"https:\/\/stowarzyszenie-dzieckoirodzina.pl\/przedszkole\/wp-content\/uploads\/sites\/3\/2026\/04\/Plik_004.jpeg\",\"contentUrl\":\"https:\/\/stowarzyszenie-dzieckoirodzina.pl\/przedszkole\/wp-content\/uploads\/sites\/3\/2026\/04\/Plik_004.jpeg\",\"width\":706,\"height\":529},{\"@type\":\"BreadcrumbList\",\"@id\":\"https:\/\/stowarzyszenie-dzieckoirodzina.pl\/przedszkole\/#breadcrumb\",\"itemListElement\":[{\"@type\":\"ListItem\",\"position\":1,\"name\":\"Strona g\u0142\u00f3wna\",\"item\":\"https:\/\/stowarzyszenie-dzieckoirodzina.pl\/przedszkole\/\"},{\"@type\":\"ListItem\",\"position\":2,\"name\":\"O NAS\"}]},{\"@type\":\"WebSite\",\"@id\":\"https:\/\/stowarzyszenie-dzieckoirodzina.pl\/przedszkole\/#website\",\"url\":\"https:\/\/stowarzyszenie-dzieckoirodzina.pl\/przedszkole\/\",\"name\":\"Akademia Jasia i Ma\u0142gosi\",\"description\":\"Przedszkole Niepubliczne w Olsztynie\",\"potentialAction\":[{\"@type\":\"SearchAction\",\"target\":{\"@type\":\"EntryPoint\",\"urlTemplate\":\"https:\/\/stowarzyszenie-dzieckoirodzina.pl\/przedszkole\/?s={search_term_string}\"},\"query-input\":{\"@type\":\"PropertyValueSpecification\",\"valueRequired\":true,\"valueName\":\"search_term_string\"}}],\"inLanguage\":\"pl-PL\"}]}<\/script>\n<!-- \/ Yoast SEO plugin. -->","yoast_head_json":{"title":"O nas \"Akademia Jasia i Ma\u0142gosi\"","description":"Poznaj misj\u0119 i zesp\u00f3\u0142 Przedszkola \"Akademia Jasia i Ma\u0142gosi\" - Stawiamy na rozw\u00f3j, bezpiecze\u0144stwo i rado\u015b\u0107 dzieci","robots":{"index":"index","follow":"follow","max-snippet":"max-snippet:-1","max-image-preview":"max-image-preview:large","max-video-preview":"max-video-preview:-1"},"canonical":"https:\/\/stowarzyszenie-dzieckoirodzina.pl\/przedszkole\/","og_locale":"pl_PL","og_type":"article","og_title":"O nas \"Akademia Jasia i Ma\u0142gosi\"","og_description":"Poznaj misj\u0119 i zesp\u00f3\u0142 Przedszkola \"Akademia Jasia i Ma\u0142gosi\" - Stawiamy na rozw\u00f3j, bezpiecze\u0144stwo i rado\u015b\u0107 dzieci","og_url":"https:\/\/stowarzyszenie-dzieckoirodzina.pl\/przedszkole\/","og_site_name":"Akademia Jasia i Ma\u0142gosi","article_modified_time":"2026-04-02T20:56:19+00:00","og_image":[{"width":706,"height":529,"url":"https:\/\/stowarzyszenie-dzieckoirodzina.pl\/przedszkole\/wp-content\/uploads\/sites\/3\/2026\/04\/Plik_004.jpeg","type":"image\/jpeg"}],"twitter_card":"summary_large_image","twitter_misc":{"Szacowany czas czytania":"3 minuty"},"schema":{"@context":"https:\/\/schema.org","@graph":[{"@type":"WebPage","@id":"https:\/\/stowarzyszenie-dzieckoirodzina.pl\/przedszkole\/","url":"https:\/\/stowarzyszenie-dzieckoirodzina.pl\/przedszkole\/","name":"O nas \"Akademia Jasia i Ma\u0142gosi\"","isPartOf":{"@id":"https:\/\/stowarzyszenie-dzieckoirodzina.pl\/przedszkole\/#website"},"primaryImageOfPage":{"@id":"https:\/\/stowarzyszenie-dzieckoirodzina.pl\/przedszkole\/#primaryimage"},"image":{"@id":"https:\/\/stowarzyszenie-dzieckoirodzina.pl\/przedszkole\/#primaryimage"},"thumbnailUrl":"https:\/\/stowarzyszenie-dzieckoirodzina.pl\/przedszkole\/wp-content\/uploads\/sites\/3\/2026\/04\/Plik_004.jpeg","datePublished":"2018-02-27T21:38:26+00:00","dateModified":"2026-04-02T20:56:19+00:00","description":"Poznaj misj\u0119 i zesp\u00f3\u0142 Przedszkola \"Akademia Jasia i Ma\u0142gosi\" - Stawiamy na rozw\u00f3j, bezpiecze\u0144stwo i rado\u015b\u0107 dzieci","breadcrumb":{"@id":"https:\/\/stowarzyszenie-dzieckoirodzina.pl\/przedszkole\/#breadcrumb"},"inLanguage":"pl-PL","potentialAction":[{"@type":"ReadAction","target":["https:\/\/stowarzyszenie-dzieckoirodzina.pl\/przedszkole\/"]}]},{"@type":"ImageObject","inLanguage":"pl-PL","@id":"https:\/\/stowarzyszenie-dzieckoirodzina.pl\/przedszkole\/#primaryimage","url":"https:\/\/stowarzyszenie-dzieckoirodzina.pl\/przedszkole\/wp-content\/uploads\/sites\/3\/2026\/04\/Plik_004.jpeg","contentUrl":"https:\/\/stowarzyszenie-dzieckoirodzina.pl\/przedszkole\/wp-content\/uploads\/sites\/3\/2026\/04\/Plik_004.jpeg","width":706,"height":529},{"@type":"BreadcrumbList","@id":"https:\/\/stowarzyszenie-dzieckoirodzina.pl\/przedszkole\/#breadcrumb","itemListElement":[{"@type":"ListItem","position":1,"name":"Strona g\u0142\u00f3wna","item":"https:\/\/stowarzyszenie-dzieckoirodzina.pl\/przedszkole\/"},{"@type":"ListItem","position":2,"name":"O NAS"}]},{"@type":"WebSite","@id":"https:\/\/stowarzyszenie-dzieckoirodzina.pl\/przedszkole\/#website","url":"https:\/\/stowarzyszenie-dzieckoirodzina.pl\/przedszkole\/","name":"Akademia Jasia i Ma\u0142gosi","description":"Przedszkole Niepubliczne w Olsztynie","potentialAction":[{"@type":"SearchAction","target":{"@type":"EntryPoint","urlTemplate":"https:\/\/stowarzyszenie-dzieckoirodzina.pl\/przedszkole\/?s={search_term_string}"},"query-input":{"@type":"PropertyValueSpecification","valueRequired":true,"valueName":"search_term_string"}}],"inLanguage":"pl-PL"}]}},"_links":{"self":[{"href":"https:\/\/stowarzyszenie-dzieckoirodzina.pl\/przedszkole\/wp-json\/wp\/v2\/pages\/19","targetHints":{"allow":["GET"]}}],"collection":[{"href":"https:\/\/stowarzyszenie-dzieckoirodzina.pl\/przedszkole\/wp-json\/wp\/v2\/pages"}],"about":[{"href":"https:\/\/stowarzyszenie-dzieckoirodzina.pl\/przedszkole\/wp-json\/wp\/v2\/types\/page"}],"author":[{"embeddable":true,"href":"https:\/\/stowarzyszenie-dzieckoirodzina.pl\/przedszkole\/wp-json\/wp\/v2\/users\/1"}],"replies":[{"embeddable":true,"href":"https:\/\/stowarzyszenie-dzieckoirodzina.pl\/przedszkole\/wp-json\/wp\/v2\/comments?post=19"}],"version-history":[{"count":11,"href":"https:\/\/stowarzyszenie-dzieckoirodzina.pl\/przedszkole\/wp-json\/wp\/v2\/pages\/19\/revisions"}],"predecessor-version":[{"id":6567,"href":"https:\/\/stowarzyszenie-dzieckoirodzina.pl\/przedszkole\/wp-json\/wp\/v2\/pages\/19\/revisions\/6567"}],"wp:attachment":[{"href":"https:\/\/stowarzyszenie-dzieckoirodzina.pl\/przedszkole\/wp-json\/wp\/v2\/media?parent=19"}],"curies":[{"name":"wp","href":"https:\/\/api.w.org\/{rel}","templated":true}]}}